{"id":10643,"date":"2024-11-29T21:59:21","date_gmt":"2024-11-29T21:59:21","guid":{"rendered":"https:\/\/complexsymbol.com\/?page_id=10643"},"modified":"2024-11-29T22:17:33","modified_gmt":"2024-11-29T22:17:33","slug":"portugal2020","status":"publish","type":"page","link":"https:\/\/ritualespecial.pt\/pt_pt\/portugal2020\/","title":{"rendered":"Portugal2020"},"content":{"rendered":"\t\t<div data-elementor-type=\"wp-page\" data-elementor-id=\"10643\" class=\"elementor elementor-10643\">\n\t\t\t\t        <section class=\"elementor-section elementor-top-section elementor-element elementor-element-5d4f37c elementor-section-boxed elementor-section-height-default elementor-section-height-default pxl-section-line-left-no pxl-section-line-right-no pxl-section-static-pos-no pxl-section-overflow-hidden-no\" data-id=\"5d4f37c\" data-element_type=\"section\">\n\n                \n                <div class=\"elementor-container elementor-column-gap-default \">\n                <div class=\"elementor-column elementor-col-100 elementor-top-column elementor-element elementor-element-27c90e7 pxl-column-element-default pxl-column-overflow-hidden-no\" data-id=\"27c90e7\" data-element_type=\"column\">\r\n        <div class=\"elementor-widget-wrap elementor-element-populated\">\r\n                     \r\n        \t\t<div class=\"elementor-element elementor-element-bbd1501 pxl-wg-bd-anm-no elementor-widget elementor-widget-spacer\" data-id=\"bbd1501\" data-element_type=\"widget\" data-widget_type=\"spacer.default\">\n\t\t\t\t<div class=\"elementor-widget-container\">\n\t\t\t\t\t\t\t<div class=\"elementor-spacer\">\n\t\t\t<div class=\"elementor-spacer-inner\"><\/div>\n\t\t<\/div>\n\t\t\t\t\t\t<\/div>\n\t\t\t\t<\/div>\n\t\t\t\t<div class=\"elementor-element elementor-element-a360894 pxl-wg-bd-anm-no elementor-widget elementor-widget-spacer\" data-id=\"a360894\" data-element_type=\"widget\" data-widget_type=\"spacer.default\">\n\t\t\t\t<div class=\"elementor-widget-container\">\n\t\t\t\t\t\t\t<div class=\"elementor-spacer\">\n\t\t\t<div class=\"elementor-spacer-inner\"><\/div>\n\t\t<\/div>\n\t\t\t\t\t\t<\/div>\n\t\t\t\t<\/div>\n\t\t\t\t<div class=\"elementor-element elementor-element-73f408b pxl-wg-bd-anm-no elementor-widget elementor-widget-pxl_text_editor\" data-id=\"73f408b\" data-element_type=\"widget\" data-widget_type=\"pxl_text_editor.default\">\n\t\t\t\t<div class=\"elementor-widget-container\">\n\t\t\t\t\t<div id=\"pxl_text_editor-73f408b-4981\" class=\"pxl-text-editor-wrap d-flex \" >\n\t<div class=\"pxl-text-editor elementor-clearfix\">\n\t\t<div data-id=\"3d9354e\" data-element_type=\"widget\" data-widget_type=\"image.default\">\u00a0<\/div><div class=\"elementor-element elementor-element-3d9354e elementor-widget elementor-widget-image\" data-id=\"3d9354e\" data-element_type=\"widget\" data-widget_type=\"image.default\"><img fetchpriority=\"high\" decoding=\"async\" class=\"attachment-medium_large size-medium_large wp-image-1901 aligncenter\" src=\"https:\/\/ritualespecial.pt\/wp-content\/uploads\/2021\/05\/barra_feder-768x99.jpg\" sizes=\"(max-width: 768px) 100vw, 768px\" srcset=\"https:\/\/ritualespecial.pt\/wp-content\/uploads\/2021\/05\/barra_feder-768x99.jpg 768w, https:\/\/ritualespecial.pt\/wp-content\/uploads\/2021\/05\/barra_feder-300x39.jpg 300w, https:\/\/ritualespecial.pt\/wp-content\/uploads\/2021\/05\/barra_feder-1024x132.jpg 1024w, https:\/\/ritualespecial.pt\/wp-content\/uploads\/2021\/05\/barra_feder-1536x198.jpg 1536w, https:\/\/ritualespecial.pt\/wp-content\/uploads\/2021\/05\/barra_feder-2048x264.jpg 2048w\" alt=\"\" width=\"768\" height=\"99\" \/><\/div><div class=\"elementor-element elementor-element-8aa8fc6 elementor-widget__width-initial elementor-widget elementor-widget-text-editor\" data-id=\"8aa8fc6\" data-element_type=\"widget\" data-widget_type=\"text-editor.default\"><div class=\"elementor-widget-container\"><p><strong>Designa\u00e7\u00e3o do projeto<\/strong>\u00a0| RITUAL ESPECIAL<br \/><strong>C\u00f3digo do projeto<\/strong>\u00a0|NORTE-07-5141 \u2013 FEDER-000747<\/p><p><strong>Objetivo principal\u00a0<\/strong>| Promover a inclus\u00e3o social e combater a pobreza<br \/><strong>Regi\u00e3o de interven\u00e7\u00e3o<\/strong>\u00a0| Norte<br \/><strong>Entidade benefici\u00e1ria<\/strong>\u00a0| RITUAL ESPECIAL LDA<br \/><strong>Data de aprova\u00e7\u00e3o:<\/strong>\u00a010\/05\/2019<br \/><strong>Data de in\u00edcio:<\/strong>\u00a002\/09\/2019<br \/><strong>Data de conclus\u00e3o:<\/strong>\u00a001\/09\/2021<\/p><p><strong>Custo total eleg\u00edvel:<\/strong>\u00a099.950,18 Eur<br \/><strong>Apoio financeiro da Uni\u00e3o Europeia:<\/strong>\u00a039.980,07 Eur<\/p><p>Os objetivos gerais desta opera\u00e7\u00e3o s\u00e3o a capacita\u00e7\u00e3o da Ritual Especial com os meios f\u00edsicos e t\u00e9cnicos necess\u00e1rios para a cria\u00e7\u00e3o da empresa, estando prevista a aquisi\u00e7\u00e3o de equipamentos b\u00e1sicos, equipamentos de transporte, estudos e a cria\u00e7\u00e3o de postos de trabalho.<\/p><p><strong>Os indicadores de resultado desta opera\u00e7\u00e3o s\u00e3o:<br \/>Postos de trabalho criados:<\/strong>\u00a03<br \/><strong>Postos de trabalho criados que se mant\u00eam 12 meses ap\u00f3s o fim apoio: <\/strong>100%<\/p><\/div><\/div>\t\t\n\t<\/div>\n<\/div>\t\t\t\t<\/div>\n\t\t\t\t<\/div>\n\t\t            <\/div>\r\n        <\/div>\r\n        \t\t\t<\/div>\n\t\t<\/section>\n\t\t\t\t<\/div>\n\t\t","protected":false},"excerpt":{"rendered":"<p>\u00a0 Designa\u00e7\u00e3o do projeto\u00a0| RITUAL ESPECIALC\u00f3digo do projeto\u00a0|NORTE-07-5141 \u2013 FEDER-000747 Objetivo principal\u00a0| Promover a inclus\u00e3o social e combater a pobrezaRegi\u00e3o de interven\u00e7\u00e3o\u00a0| NorteEntidade benefici\u00e1ria\u00a0| RITUAL ESPECIAL LDAData de aprova\u00e7\u00e3o:\u00a010\/05\/2019Data de in\u00edcio:\u00a002\/09\/2019Data de conclus\u00e3o:\u00a001\/09\/2021 Custo total eleg\u00edvel:\u00a099.950,18 EurApoio financeiro da Uni\u00e3o Europeia:\u00a039.980,07 Eur Os objetivos gerais desta opera\u00e7\u00e3o s\u00e3o a capacita\u00e7\u00e3o da Ritual Especial com os [&hellip;]<\/p>\n","protected":false},"author":1,"featured_media":0,"parent":0,"menu_order":0,"comment_status":"closed","ping_status":"closed","template":"","meta":{"iawp_total_views":2,"footnotes":""},"class_list":["post-10643","page","type-page","status-publish","hentry"],"yoast_head":"<!-- This site is optimized with the Yoast SEO plugin v24.8.1 - https:\/\/yoast.com\/wordpress\/plugins\/seo\/ -->\n<title>Portugal2020 - Ritual Especial<\/title>\n<meta name=\"robots\" content=\"index, follow, max-snippet:-1, max-image-preview:large, max-video-preview:-1\" \/>\n<link rel=\"canonical\" href=\"https:\/\/ritualespecial.pt\/pt_pt\/portugal2020\/\" \/>\n<meta property=\"og:locale\" content=\"pt_PT\" \/>\n<meta property=\"og:type\" content=\"article\" \/>\n<meta property=\"og:title\" content=\"Portugal2020 - Ritual Especial\" \/>\n<meta property=\"og:description\" content=\"\u00a0 Designa\u00e7\u00e3o do projeto\u00a0| RITUAL ESPECIALC\u00f3digo do projeto\u00a0|NORTE-07-5141 \u2013 FEDER-000747 Objetivo principal\u00a0| Promover a inclus\u00e3o social e combater a pobrezaRegi\u00e3o de interven\u00e7\u00e3o\u00a0| NorteEntidade benefici\u00e1ria\u00a0| RITUAL ESPECIAL LDAData de aprova\u00e7\u00e3o:\u00a010\/05\/2019Data de in\u00edcio:\u00a002\/09\/2019Data de conclus\u00e3o:\u00a001\/09\/2021 Custo total eleg\u00edvel:\u00a099.950,18 EurApoio financeiro da Uni\u00e3o Europeia:\u00a039.980,07 Eur Os objetivos gerais desta opera\u00e7\u00e3o s\u00e3o a capacita\u00e7\u00e3o da Ritual Especial com os [&hellip;]\" \/>\n<meta property=\"og:url\" content=\"https:\/\/ritualespecial.pt\/pt_pt\/portugal2020\/\" \/>\n<meta property=\"og:site_name\" content=\"Ritual Especial\" \/>\n<meta property=\"article:publisher\" content=\"https:\/\/www.facebook.com\/ritualespecialconstrucoes\/\" \/>\n<meta property=\"article:modified_time\" content=\"2024-11-29T22:17:33+00:00\" \/>\n<meta property=\"og:image\" content=\"https:\/\/ritualespecial.pt\/wp-content\/uploads\/2021\/05\/barra_feder-768x99.jpg\" \/>\n<meta name=\"twitter:card\" content=\"summary_large_image\" \/>\n<meta name=\"twitter:label1\" content=\"Tempo estimado de leitura\" \/>\n\t<meta name=\"twitter:data1\" content=\"1 minuto\" \/>\n<script type=\"application\/ld+json\" class=\"yoast-schema-graph\">{\"@context\":\"https:\/\/schema.org\",\"@graph\":[{\"@type\":\"WebPage\",\"@id\":\"https:\/\/ritualespecial.pt\/portugal2020\/\",\"url\":\"https:\/\/ritualespecial.pt\/portugal2020\/\",\"name\":\"Portugal2020 - Ritual Especial\",\"isPartOf\":{\"@id\":\"https:\/\/ritualespecial.pt\/#website\"},\"primaryImageOfPage\":{\"@id\":\"https:\/\/ritualespecial.pt\/portugal2020\/#primaryimage\"},\"image\":{\"@id\":\"https:\/\/ritualespecial.pt\/portugal2020\/#primaryimage\"},\"thumbnailUrl\":\"https:\/\/ritualespecial.pt\/wp-content\/uploads\/2021\/05\/barra_feder-768x99.jpg\",\"datePublished\":\"2024-11-29T21:59:21+00:00\",\"dateModified\":\"2024-11-29T22:17:33+00:00\",\"breadcrumb\":{\"@id\":\"https:\/\/ritualespecial.pt\/portugal2020\/#breadcrumb\"},\"inLanguage\":\"pt-PT\",\"potentialAction\":[{\"@type\":\"ReadAction\",\"target\":[\"https:\/\/ritualespecial.pt\/portugal2020\/\"]}]},{\"@type\":\"ImageObject\",\"inLanguage\":\"pt-PT\",\"@id\":\"https:\/\/ritualespecial.pt\/portugal2020\/#primaryimage\",\"url\":\"https:\/\/ritualespecial.pt\/wp-content\/uploads\/2021\/05\/barra_feder-768x99.jpg\",\"contentUrl\":\"https:\/\/ritualespecial.pt\/wp-content\/uploads\/2021\/05\/barra_feder-768x99.jpg\"},{\"@type\":\"BreadcrumbList\",\"@id\":\"https:\/\/ritualespecial.pt\/portugal2020\/#breadcrumb\",\"itemListElement\":[{\"@type\":\"ListItem\",\"position\":1,\"name\":\"Home\",\"item\":\"https:\/\/ritualespecial.pt\/\"},{\"@type\":\"ListItem\",\"position\":2,\"name\":\"Portugal2020\"}]},{\"@type\":\"WebSite\",\"@id\":\"https:\/\/ritualespecial.pt\/#website\",\"url\":\"https:\/\/ritualespecial.pt\/\",\"name\":\"Ritual Especial\",\"description\":\"Engenharia e Constru\u00e7\u00e3o\",\"publisher\":{\"@id\":\"https:\/\/ritualespecial.pt\/#organization\"},\"potentialAction\":[{\"@type\":\"SearchAction\",\"target\":{\"@type\":\"EntryPoint\",\"urlTemplate\":\"https:\/\/ritualespecial.pt\/?s={search_term_string}\"},\"query-input\":{\"@type\":\"PropertyValueSpecification\",\"valueRequired\":true,\"valueName\":\"search_term_string\"}}],\"inLanguage\":\"pt-PT\"},{\"@type\":\"Organization\",\"@id\":\"https:\/\/ritualespecial.pt\/#organization\",\"name\":\"Ritual Especial\",\"url\":\"https:\/\/ritualespecial.pt\/\",\"logo\":{\"@type\":\"ImageObject\",\"inLanguage\":\"pt-PT\",\"@id\":\"https:\/\/ritualespecial.pt\/#\/schema\/logo\/image\/\",\"url\":\"https:\/\/ritualespecial.pt\/wp-content\/uploads\/2024\/11\/logo-simples.png\",\"contentUrl\":\"https:\/\/ritualespecial.pt\/wp-content\/uploads\/2024\/11\/logo-simples.png\",\"width\":225,\"height\":259,\"caption\":\"Ritual Especial\"},\"image\":{\"@id\":\"https:\/\/ritualespecial.pt\/#\/schema\/logo\/image\/\"},\"sameAs\":[\"https:\/\/www.facebook.com\/ritualespecialconstrucoes\/\",\"https:\/\/www.instagram.com\/ritual_especial_construcoes\/\"]}]}<\/script>\n<!-- \/ Yoast SEO plugin. -->","yoast_head_json":{"title":"Portugal2020 - Ritual Especial","robots":{"index":"index","follow":"follow","max-snippet":"max-snippet:-1","max-image-preview":"max-image-preview:large","max-video-preview":"max-video-preview:-1"},"canonical":"https:\/\/ritualespecial.pt\/pt_pt\/portugal2020\/","og_locale":"pt_PT","og_type":"article","og_title":"Portugal2020 - Ritual Especial","og_description":"\u00a0 Designa\u00e7\u00e3o do projeto\u00a0| RITUAL ESPECIALC\u00f3digo do projeto\u00a0|NORTE-07-5141 \u2013 FEDER-000747 Objetivo principal\u00a0| Promover a inclus\u00e3o social e combater a pobrezaRegi\u00e3o de interven\u00e7\u00e3o\u00a0| NorteEntidade benefici\u00e1ria\u00a0| RITUAL ESPECIAL LDAData de aprova\u00e7\u00e3o:\u00a010\/05\/2019Data de in\u00edcio:\u00a002\/09\/2019Data de conclus\u00e3o:\u00a001\/09\/2021 Custo total eleg\u00edvel:\u00a099.950,18 EurApoio financeiro da Uni\u00e3o Europeia:\u00a039.980,07 Eur Os objetivos gerais desta opera\u00e7\u00e3o s\u00e3o a capacita\u00e7\u00e3o da Ritual Especial com os [&hellip;]","og_url":"https:\/\/ritualespecial.pt\/pt_pt\/portugal2020\/","og_site_name":"Ritual Especial","article_publisher":"https:\/\/www.facebook.com\/ritualespecialconstrucoes\/","article_modified_time":"2024-11-29T22:17:33+00:00","og_image":[{"url":"https:\/\/ritualespecial.pt\/wp-content\/uploads\/2021\/05\/barra_feder-768x99.jpg","type":"","width":"","height":""}],"twitter_card":"summary_large_image","twitter_misc":{"Tempo estimado de leitura":"1 minuto"},"schema":{"@context":"https:\/\/schema.org","@graph":[{"@type":"WebPage","@id":"https:\/\/ritualespecial.pt\/portugal2020\/","url":"https:\/\/ritualespecial.pt\/portugal2020\/","name":"Portugal2020 - Ritual Especial","isPartOf":{"@id":"https:\/\/ritualespecial.pt\/#website"},"primaryImageOfPage":{"@id":"https:\/\/ritualespecial.pt\/portugal2020\/#primaryimage"},"image":{"@id":"https:\/\/ritualespecial.pt\/portugal2020\/#primaryimage"},"thumbnailUrl":"https:\/\/ritualespecial.pt\/wp-content\/uploads\/2021\/05\/barra_feder-768x99.jpg","datePublished":"2024-11-29T21:59:21+00:00","dateModified":"2024-11-29T22:17:33+00:00","breadcrumb":{"@id":"https:\/\/ritualespecial.pt\/portugal2020\/#breadcrumb"},"inLanguage":"pt-PT","potentialAction":[{"@type":"ReadAction","target":["https:\/\/ritualespecial.pt\/portugal2020\/"]}]},{"@type":"ImageObject","inLanguage":"pt-PT","@id":"https:\/\/ritualespecial.pt\/portugal2020\/#primaryimage","url":"https:\/\/ritualespecial.pt\/wp-content\/uploads\/2021\/05\/barra_feder-768x99.jpg","contentUrl":"https:\/\/ritualespecial.pt\/wp-content\/uploads\/2021\/05\/barra_feder-768x99.jpg"},{"@type":"BreadcrumbList","@id":"https:\/\/ritualespecial.pt\/portugal2020\/#breadcrumb","itemListElement":[{"@type":"ListItem","position":1,"name":"Home","item":"https:\/\/ritualespecial.pt\/"},{"@type":"ListItem","position":2,"name":"Portugal2020"}]},{"@type":"WebSite","@id":"https:\/\/ritualespecial.pt\/#website","url":"https:\/\/ritualespecial.pt\/","name":"Ritual Especial","description":"Engenharia e Constru\u00e7\u00e3o","publisher":{"@id":"https:\/\/ritualespecial.pt\/#organization"},"potentialAction":[{"@type":"SearchAction","target":{"@type":"EntryPoint","urlTemplate":"https:\/\/ritualespecial.pt\/?s={search_term_string}"},"query-input":{"@type":"PropertyValueSpecification","valueRequired":true,"valueName":"search_term_string"}}],"inLanguage":"pt-PT"},{"@type":"Organization","@id":"https:\/\/ritualespecial.pt\/#organization","name":"Ritual Especial","url":"https:\/\/ritualespecial.pt\/","logo":{"@type":"ImageObject","inLanguage":"pt-PT","@id":"https:\/\/ritualespecial.pt\/#\/schema\/logo\/image\/","url":"https:\/\/ritualespecial.pt\/wp-content\/uploads\/2024\/11\/logo-simples.png","contentUrl":"https:\/\/ritualespecial.pt\/wp-content\/uploads\/2024\/11\/logo-simples.png","width":225,"height":259,"caption":"Ritual Especial"},"image":{"@id":"https:\/\/ritualespecial.pt\/#\/schema\/logo\/image\/"},"sameAs":["https:\/\/www.facebook.com\/ritualespecialconstrucoes\/","https:\/\/www.instagram.com\/ritual_especial_construcoes\/"]}]}},"_links":{"self":[{"href":"https:\/\/ritualespecial.pt\/pt_pt\/wp-json\/wp\/v2\/pages\/10643","targetHints":{"allow":["GET"]}}],"collection":[{"href":"https:\/\/ritualespecial.pt\/pt_pt\/wp-json\/wp\/v2\/pages"}],"about":[{"href":"https:\/\/ritualespecial.pt\/pt_pt\/wp-json\/wp\/v2\/types\/page"}],"author":[{"embeddable":true,"href":"https:\/\/ritualespecial.pt\/pt_pt\/wp-json\/wp\/v2\/users\/1"}],"replies":[{"embeddable":true,"href":"https:\/\/ritualespecial.pt\/pt_pt\/wp-json\/wp\/v2\/comments?post=10643"}],"version-history":[{"count":14,"href":"https:\/\/ritualespecial.pt\/pt_pt\/wp-json\/wp\/v2\/pages\/10643\/revisions"}],"predecessor-version":[{"id":10657,"href":"https:\/\/ritualespecial.pt\/pt_pt\/wp-json\/wp\/v2\/pages\/10643\/revisions\/10657"}],"wp:attachment":[{"href":"https:\/\/ritualespecial.pt\/pt_pt\/wp-json\/wp\/v2\/media?parent=10643"}],"curies":[{"name":"wp","href":"https:\/\/api.w.org\/{rel}","templated":true}]}}